{"id":12885,"date":"2015-01-06T17:10:03","date_gmt":"2015-01-06T16:10:03","guid":{"rendered":"https:\/\/www.hollandpalette.nl\/groups-special-interest-2\/"},"modified":"2025-04-10T13:42:34","modified_gmt":"2025-04-10T12:42:34","slug":"groups-special-interest","status":"publish","type":"page","link":"https:\/\/www.hollandpalette.nl\/fr\/groups-special-interest\/","title":{"rendered":"Groupes et th\u00e9matiques"},"content":{"rendered":"[spb_text_block pb_margin_bottom=\u00a0\u00bbno\u00a0\u00bb pb_border_bottom=\u00a0\u00bbno\u00a0\u00bb el_class=\u00a0\u00bbgreenheader\u00a0\u00bb width=\u00a0\u00bb1\/1&Prime; el_position=\u00a0\u00bbfirst last\u00a0\u00bb]\n<h1 style=\"text-align: center;\">Groupes et th\u00e9matiques<\/h1>\n[\/spb_text_block] [spb_text_block pb_margin_bottom=\u00a0\u00bbno\u00a0\u00bb pb_border_bottom=\u00a0\u00bbno\u00a0\u00bb width=\u00a0\u00bb1\/1&Prime; el_position=\u00a0\u00bbfirst last\u00a0\u00bb]\n<p style=\"text-align: center;\"><span lang=\"fr\">Nous sommes fiers de proposer des voyages de groupe uniques, construits autour de programmes personnalis\u00e9s selon vos envies. Chaque fois que l\u2019occasion se pr\u00e9sente, nous y ajoutons des d\u00e9couvertes originales et inattendues pour enrichir l\u2019exp\u00e9rience de vos clients. Gr\u00e2ce \u00e0 notre interm\u00e9diaire, vous pouvez proposer l\u2019originalit\u00e9 \u00e0 un tarif raisonnable.<br \/>\n<\/span>Nous \u00e9coutons avec attention vos souhaits et r\u00e9alisons avec plaisir toutes vos demandes sur mesure, l\u2019organisation de vos voyages doit \u00eatre parfaite. Depuis de nombreuses ann\u00e9es, nous sommes sp\u00e9cialistes des voyages culturels et \u00e9galement des voyages pour les personnes \u00e0 mobilit\u00e9 r\u00e9duite ou souffrant d\u2019un d\u00e9ficit mental qui requi\u00e8rent une attention particuli\u00e8re et\u00a0 une grande rigueur. Nous sommes impatients de vous faire d\u00e9couvrir tous les th\u00e8mes remarquables et les points d&rsquo;int\u00e9r\u00eats extraordinaires qui sont de tr\u00e8s bonnes raisons de nous confier l&rsquo;organisation de vos voyages en Belgique et en Hollande.<\/p>\n[\/spb_text_block] [spb_column width=\u00a0\u00bb1\/3&Prime; el_position=\u00a0\u00bbfirst\u00a0\u00bb] [spb_text_block pb_margin_bottom=\u00a0\u00bbno\u00a0\u00bb pb_border_bottom=\u00a0\u00bbno\u00a0\u00bb el_class=\u00a0\u00bbgreenheader\u00a0\u00bb width=\u00a0\u00bb1\/1&Prime; el_position=\u00a0\u00bbfirst last\u00a0\u00bb]\n<h3><span style=\"color: #83c441;\">La Hollande culturelle<\/span><\/h3>\n[\/spb_text_block] [spb_single_image image=\u00a0\u00bb12765&Prime; image_size=\u00a0\u00bbfull\u00a0\u00bb frame=\u00a0\u00bbnoframe\u00a0\u00bb intro_animation=\u00a0\u00bbnone\u00a0\u00bb full_width=\u00a0\u00bbno\u00a0\u00bb lightbox=\u00a0\u00bbyes\u00a0\u00bb link_target=\u00a0\u00bb_self\u00a0\u00bb width=\u00a0\u00bb1\/1&Prime; el_position=\u00a0\u00bbfirst last\u00a0\u00bb] [spb_text_block pb_margin_bottom=\u00a0\u00bbno\u00a0\u00bb pb_border_bottom=\u00a0\u00bbno\u00a0\u00bb width=\u00a0\u00bb1\/1&Prime; el_position=\u00a0\u00bbfirst last\u00a0\u00bb]\n<div class=\"page\" title=\"Page 5\">\n<div class=\"section\">\n<div class=\"layoutArea\">\n<div class=\"column\">\n<p>Vos premi\u00e8res visites se font \u00e0 La Haye avec le mus\u00e9e Mauritshuis et le mus\u00e9e Bredius.<\/p>\n<p>Trois jours sont consacr\u00e9s \u00e0 Amsterdam et ses nombreux mus\u00e9es dont Amsterdam Museum, la maison Rembrandt, le mus\u00e9e Maritime, lemus\u00e9e Van Gogh, le Rijksmuseum, le mus\u00e9e Hermitage et le mus\u00e9e Frans Hals.<\/p>\n<p>Vous aurez \u00e9galement le temps de faire un tour sur les canaux et de d\u00e9jeuner au restaurant les 5 mouches. Le dernier jour, les visites se terminent au c\u0153ur de la r\u00e9gion verdoyante d\u2019Otterlo avec le Palais Royale \u00ab Het Loo \u00bb et le mus\u00e9e Kr\u00f6ller-M\u00fcller.<\/p>\n<p>&nbsp;<\/p>\n<\/div>\n<\/div>\n<\/div>\n<\/div>\n[\/spb_text_block] [\/spb_column] [spb_column width=\u00a0\u00bb1\/3&Prime;] [spb_text_block pb_margin_bottom=\u00a0\u00bbno\u00a0\u00bb pb_border_bottom=\u00a0\u00bbno\u00a0\u00bb el_class=\u00a0\u00bbgreenheader\u00a0\u00bb width=\u00a0\u00bb1\/1&Prime; el_position=\u00a0\u00bbfirst last\u00a0\u00bb]\n<h3><span style=\"color: #83c441;\">Bruges, la Zeeland, Rotterdam et Gouda<\/span><\/h3>\n[\/spb_text_block] [spb_single_image image=\u00a0\u00bb15093&Prime; image_size=\u00a0\u00bbfull\u00a0\u00bb frame=\u00a0\u00bbnoframe\u00a0\u00bb intro_animation=\u00a0\u00bbnone\u00a0\u00bb full_width=\u00a0\u00bbno\u00a0\u00bb lightbox=\u00a0\u00bbyes\u00a0\u00bb link_target=\u00a0\u00bb_self\u00a0\u00bb width=\u00a0\u00bb1\/1&Prime; el_position=\u00a0\u00bbfirst last\u00a0\u00bb] [spb_text_block pb_margin_bottom=\u00a0\u00bbno\u00a0\u00bb pb_border_bottom=\u00a0\u00bbno\u00a0\u00bb width=\u00a0\u00bb1\/1&Prime; el_position=\u00a0\u00bbfirst last\u00a0\u00bb]\n<div class=\"page\" title=\"Page 5\">\n<div class=\"section\">\n<div class=\"layoutArea\">\n<p class=\"column\">Profitez d\u2019une visite \u00e0 Bruges pour d\u00e9couvrir les villes pittoresques de Z\u00e9lande tel que Veere mais aussi les ouvrages de protection pour pr\u00e9venir les risques d\u2019inondation ainsi que les villes de Rotterdam et Gouda.<\/p>\n<p class=\"column\">Nous allons d\u00e9buter par Bruges o\u00f9 un guide commentera les plus beaux sites et les canaux connus sous le nom \u00ab\u00a0Reien\u00a0\u00bb gr\u00e2ce \u00e0 une crosi\u00e8re en bateau.Le lendemain, route vers la Z\u00e9lande. Cette province des Pays-Bas, Z\u00e9lande\u00a0: Terre de la mer, \u00a0vous apprendrez comment la catastrophe de 1953 a conduit \u00e0 la mise en \u0153uvre d\u2019un dispositif ing\u00e9nieux visant \u00e0 matiriser le niveau de la mer au cours de la visite \u00e0 Delte Expo Neeltje Jans.<\/p>\n<p class=\"column\">Dans l&rsquo;apr\u00e8s-midi, visite d\u2019une ostr\u00e9iculture, \u00a0l\u2019\u00e9levage des huitres demande des soins constants pendant 3 \u00e0 4 ans afin de cr\u00e9er un met de grande qualit\u00e9, ce dont vous jugerez vous-m\u00eames lors de la d\u00e9gustation.<\/p>\n<p class=\"column\">La suite de votre voyage sera consacr\u00e9 \u00e0 Rotterdam, visite guid\u00e9e de la ville \u00e0 l\u2019architecture futuriste en autocar et p\u00e9destre, puis croisi\u00e8re au cour d\u2019un des premiers ports du monde. Puis visite de Gouda, une ville hollandaise traditionnelle, avec ses friandises locales : le c\u00e9l\u00e8bre fromage de Gouda et les Stroopwafels (gauffres au sirop) que vous allez vous-m\u00eames confectionner puis d\u00e9guster chez le p\u00e2tissier de la famille royale de Hollandaise !<\/p>\n<\/div>\n<\/div>\n<\/div>\n[\/spb_text_block] [\/spb_column] [spb_column width=\u00a0\u00bb1\/3&Prime; el_position=\u00a0\u00bblast\u00a0\u00bb] [spb_text_block pb_margin_bottom=\u00a0\u00bbno\u00a0\u00bb pb_border_bottom=\u00a0\u00bbno\u00a0\u00bb el_class=\u00a0\u00bbgreenheader\u00a0\u00bb width=\u00a0\u00bb1\/1&Prime; el_position=\u00a0\u00bbfirst last\u00a0\u00bb]\n<h3><span style=\"color: #83c441;\">Programmes culturels<\/span><\/h3>\n[\/spb_text_block] [spb_single_image image=\u00a0\u00bb12781&Prime; image_size=\u00a0\u00bbfull\u00a0\u00bb frame=\u00a0\u00bbnoframe\u00a0\u00bb intro_animation=\u00a0\u00bbnone\u00a0\u00bb full_width=\u00a0\u00bbno\u00a0\u00bb lightbox=\u00a0\u00bbyes\u00a0\u00bb link_target=\u00a0\u00bb_self\u00a0\u00bb width=\u00a0\u00bb1\/1&Prime; el_position=\u00a0\u00bbfirst last\u00a0\u00bb] [spb_text_block pb_margin_bottom=\u00a0\u00bbno\u00a0\u00bb pb_border_bottom=\u00a0\u00bbno\u00a0\u00bb width=\u00a0\u00bb1\/1&Prime; el_position=\u00a0\u00bbfirst last\u00a0\u00bb]\n<p>Quatre th\u00e8mes principaux :<\/p>\n<p>Le moyen \u00e2ge en Hollande du sud et la Belgique au 17<sup>eme <\/sup>si\u00e8cle,<\/p>\n<p>Le si\u00e8cle d\u2019or : sur les traces de Rembrandt,<\/p>\n<p>Les impressionnistes : \u00a0Van Gogh et ses contemporains,<\/p>\n<p>L&rsquo;art moderne : \u00a0le Groupe Cobra et les autres.<\/p>\n<p>Nous pouvons cr\u00e9er une combinaison des quatre th\u00e8mes, ou aprofondir un th\u00e8me pour mettre en valeur certains aspects m\u00e9connus de ce th\u00e8me.<\/p>\n[\/spb_text_block] [\/spb_column] [divider type=\u00a0\u00bbstandard\u00a0\u00bb text=\u00a0\u00bbGo to top\u00a0\u00bb full_width=\u00a0\u00bbno\u00a0\u00bb width=\u00a0\u00bb1\/1&Prime; el_position=\u00a0\u00bbfirst last\u00a0\u00bb] [spb_column width=\u00a0\u00bb1\/3&Prime; el_position=\u00a0\u00bbfirst\u00a0\u00bb] [spb_text_block pb_margin_bottom=\u00a0\u00bbno\u00a0\u00bb pb_border_bottom=\u00a0\u00bbno\u00a0\u00bb width=\u00a0\u00bb1\/1&Prime; el_position=\u00a0\u00bbfirst last\u00a0\u00bb]\n<h3><span style=\"color: #83c441;\">Randonn\u00e9es \u00e0 v\u00e9lo<\/span><\/h3>\n[\/spb_text_block] [spb_single_image image=\u00a0\u00bb12764&Prime; image_size=\u00a0\u00bbfull\u00a0\u00bb frame=\u00a0\u00bbnoframe\u00a0\u00bb intro_animation=\u00a0\u00bbnone\u00a0\u00bb full_width=\u00a0\u00bbno\u00a0\u00bb lightbox=\u00a0\u00bbyes\u00a0\u00bb link_target=\u00a0\u00bb_self\u00a0\u00bb width=\u00a0\u00bb1\/1&Prime; el_position=\u00a0\u00bbfirst last\u00a0\u00bb] [spb_text_block pb_margin_bottom=\u00a0\u00bbno\u00a0\u00bb pb_border_bottom=\u00a0\u00bbno\u00a0\u00bb width=\u00a0\u00bb1\/1&Prime; el_position=\u00a0\u00bbfirst last\u00a0\u00bb]\n<div class=\"page\" title=\"Page 5\">\n<div class=\"section\">\n<div class=\"layoutArea\">\n<div class=\"column\">\n<p>La campagne hollandaise est le lieu id\u00e9al pour une d\u00e9couverte \u00e0 v\u00e9lo. Il y existe des pistes cyclables prot\u00e9g\u00e9es quasiment partout.<\/p>\n<p>Certaines pistes cheminent le long de r\u00e9serves naturelles, o\u00f9 les voitures ne sont pas autoris\u00e9es.<\/p>\n<p>Les villages, sites et attractions sont \u00e0 une courte distance les uns des autres et le peu de reflief facilite les d\u00e9placements.<\/p>\n<\/div>\n<\/div>\n<\/div>\n<\/div>\n[\/spb_text_block] [\/spb_column] [spb_column width=\u00a0\u00bb1\/3&Prime;] [spb_text_block pb_margin_bottom=\u00a0\u00bbno\u00a0\u00bb pb_border_bottom=\u00a0\u00bbno\u00a0\u00bb width=\u00a0\u00bb1\/1&Prime; el_position=\u00a0\u00bbfirst last\u00a0\u00bb]\n<h3><span style=\"color: #83c441;\">La Belgique culturelle<\/span><\/h3>\n[\/spb_text_block] [spb_single_image image=\u00a0\u00bb12783&Prime; image_size=\u00a0\u00bbfull\u00a0\u00bb frame=\u00a0\u00bbnoframe\u00a0\u00bb intro_animation=\u00a0\u00bbnone\u00a0\u00bb full_width=\u00a0\u00bbno\u00a0\u00bb lightbox=\u00a0\u00bbyes\u00a0\u00bb link_target=\u00a0\u00bb_self\u00a0\u00bb width=\u00a0\u00bb1\/1&Prime; el_position=\u00a0\u00bbfirst last\u00a0\u00bb] [spb_text_block pb_margin_bottom=\u00a0\u00bbno\u00a0\u00bb pb_border_bottom=\u00a0\u00bbno\u00a0\u00bb width=\u00a0\u00bb1\/1&Prime; el_position=\u00a0\u00bbfirst last\u00a0\u00bb]\n<div class=\"page\" title=\"Page 5\">\n<div class=\"section\">\n<div class=\"layoutArea\">\n<div class=\"column\">\n<p>Le mus\u00e9e Magritte \u00e0 Bruxelles est le point de d\u00e9part de votre s\u00e9jour, puis visites de la ferme du ch\u00e2teau de la Hulpe, de la cath\u00e9drale St Bavon et de la maison Alijn \u00e0 Gand.<\/p>\n<p><span style=\"line-height: 1.5;\">A Bruges vous ferez halte \u00e0 la basilique du Saint Sang et au mus\u00e9e Groeninge et \u00e0 Anvers, \u00e0 la cath\u00e9drale Notre Dame et la maison de Rubens.<\/span><\/p>\n<\/div>\n<\/div>\n<\/div>\n<\/div>\n[\/spb_text_block] [\/spb_column] [spb_column width=\u00a0\u00bb1\/3&Prime; el_position=\u00a0\u00bblast\u00a0\u00bb] [spb_text_block pb_margin_bottom=\u00a0\u00bbno\u00a0\u00bb pb_border_bottom=\u00a0\u00bbno\u00a0\u00bb width=\u00a0\u00bb1\/1&Prime; el_position=\u00a0\u00bbfirst last\u00a0\u00bb]\n<h3><span style=\"color: #83c441;\">Programmes pour les voyageurs \u00e0 mobilit\u00e9 r\u00e9duite<\/span><\/h3>\n[\/spb_text_block] [spb_single_image image=\u00a0\u00bb12779&Prime; image_size=\u00a0\u00bbfull\u00a0\u00bb frame=\u00a0\u00bbnoframe\u00a0\u00bb intro_animation=\u00a0\u00bbnone\u00a0\u00bb full_width=\u00a0\u00bbno\u00a0\u00bb lightbox=\u00a0\u00bbyes\u00a0\u00bb link_target=\u00a0\u00bb_self\u00a0\u00bb width=\u00a0\u00bb1\/1&Prime; el_position=\u00a0\u00bbfirst last\u00a0\u00bb] [spb_text_block pb_margin_bottom=\u00a0\u00bbno\u00a0\u00bb pb_border_bottom=\u00a0\u00bbno\u00a0\u00bb width=\u00a0\u00bb1\/1&Prime; el_position=\u00a0\u00bbfirst last\u00a0\u00bb]\n<p>Circuits con\u00e7us pour les personnes \u00e0 mobilit\u00e9 r\u00e9duite ou en fauteuil roulant : tous les acc\u00e8s, h\u00e9bergements et \u00e9quipements sont minutieusement v\u00e9rifi\u00e9s, et les temps de visite sont adapt\u00e9s pour tenir compte des besoins sp\u00e9cifiques, tout en permettant une d\u00e9couverte compl\u00e8te des principaux sites de la Hollande.<\/p>\n<p>Pour les personnes en situation de handicap mental, certains lieux potentiellement perturbants sont soigneusement \u00e9vit\u00e9s. Nos partenaires mettent tout en \u0153uvre pour soutenir et faciliter cette approche.<\/p>\n[\/spb_text_block] [\/spb_column] [divider type=\u00a0\u00bbstandard\u00a0\u00bb text=\u00a0\u00bbGo to top\u00a0\u00bb full_width=\u00a0\u00bbno\u00a0\u00bb width=\u00a0\u00bb1\/1&Prime; el_position=\u00a0\u00bbfirst last\u00a0\u00bb] [spb_column width=\u00a0\u00bb1\/3&Prime; el_position=\u00a0\u00bbfirst\u00a0\u00bb] [spb_text_block pb_margin_bottom=\u00a0\u00bbno\u00a0\u00bb pb_border_bottom=\u00a0\u00bbno\u00a0\u00bb width=\u00a0\u00bb1\/1&Prime; el_position=\u00a0\u00bbfirst last\u00a0\u00bb]\n<h3><span style=\"color: #83c441;\">Belgique, Hollande, Luxembourg<\/span><\/h3>\n[\/spb_text_block] [spb_single_image image=\u00a0\u00bb12790&Prime; image_size=\u00a0\u00bbfull\u00a0\u00bb frame=\u00a0\u00bbnoframe\u00a0\u00bb intro_animation=\u00a0\u00bbnone\u00a0\u00bb full_width=\u00a0\u00bbno\u00a0\u00bb lightbox=\u00a0\u00bbyes\u00a0\u00bb link_target=\u00a0\u00bb_self\u00a0\u00bb width=\u00a0\u00bb1\/1&Prime; el_position=\u00a0\u00bbfirst last\u00a0\u00bb] [spb_text_block pb_margin_bottom=\u00a0\u00bbno\u00a0\u00bb pb_border_bottom=\u00a0\u00bbno\u00a0\u00bb width=\u00a0\u00bb1\/1&Prime; el_position=\u00a0\u00bbfirst last\u00a0\u00bb]\n<div class=\"page\" title=\"Page 5\">\n<div class=\"section\">\n<div class=\"layoutArea\">\n<div class=\"column\">\n<p>Ce s\u00e9jour commence en Belgique par une agr\u00e9able promenade en barque sur les canaux de Bruges. Vous d\u00e9couvrirez ensuite les villes incontournables de Gand et d&rsquo;Anvers, incluant la maison de Rubens.<\/p>\n<p>La suite du programme vous emm\u00e8ne \u00e0 La Haye, o\u00f9 vous explorerez le panorama Mesdag, puis \u00e0 Delft pour une visite de cette ville pittoresque. Parmi les autres visites notables, vous aurez l&rsquo;occasion de d\u00e9couvrir le parc Keukenhof, le mus\u00e9e des ench\u00e8res de Broeker et une fromagerie traditionnelle.<\/p>\n<p>\u00c0 Amsterdam, une croisi\u00e8re sur les canaux suit la visite d&rsquo;une taillerie de diamants. Vous partirez ensuite \u00e0 la d\u00e9couverte de la Hollande du Nord, avec une visite du mus\u00e9e des trains \u00e0 vapeur \u00e0 Hoorn, ainsi que de Medemblik et du mus\u00e9e en plein air de l&rsquo;ancien Zuiderzee. Le retour se fait par Bruxelles, puis par le Luxembourg.<\/p>\n<p>&nbsp;<\/p>\n<\/div>\n<\/div>\n<\/div>\n<\/div>\n[\/spb_text_block] [\/spb_column] [spb_column width=\u00a0\u00bb1\/3&Prime;] [spb_text_block pb_margin_bottom=\u00a0\u00bbno\u00a0\u00bb pb_border_bottom=\u00a0\u00bbno\u00a0\u00bb width=\u00a0\u00bb1\/1&Prime; el_position=\u00a0\u00bbfirst last\u00a0\u00bb]\n<h3><span style=\"color: #83c441;\">Les Ardennes Belges<\/span><\/h3>\n[\/spb_text_block] [spb_single_image image=\u00a0\u00bb12796&Prime; image_size=\u00a0\u00bbfull\u00a0\u00bb frame=\u00a0\u00bbnoframe\u00a0\u00bb intro_animation=\u00a0\u00bbnone\u00a0\u00bb full_width=\u00a0\u00bbno\u00a0\u00bb lightbox=\u00a0\u00bbyes\u00a0\u00bb link_target=\u00a0\u00bb_self\u00a0\u00bb width=\u00a0\u00bb1\/1&Prime; el_position=\u00a0\u00bbfirst last\u00a0\u00bb] [spb_text_block pb_margin_bottom=\u00a0\u00bbno\u00a0\u00bb pb_border_bottom=\u00a0\u00bbno\u00a0\u00bb width=\u00a0\u00bb1\/1&Prime; el_position=\u00a0\u00bbfirst last\u00a0\u00bb]\n<p>Votre s\u00e9jour commence par une promenade guid\u00e9e de Dinant et se poursuit par une visite de l\u2019Abbaye de Leffe.<\/p>\n<p>Votre parcours vous am\u00e8ne \u00e0 Namur, capitale de Wallonie, et finit par une touche florale avec la visite des jardins du ch\u00e2teau d\u2019Annevoie.<\/p>\n[\/spb_text_block] [\/spb_column] [spb_column width=\u00a0\u00bb1\/3&Prime; el_position=\u00a0\u00bblast\u00a0\u00bb] [spb_text_block pb_margin_bottom=\u00a0\u00bbno\u00a0\u00bb pb_border_bottom=\u00a0\u00bbno\u00a0\u00bb width=\u00a0\u00bb1\/1&Prime; el_position=\u00a0\u00bbfirst last\u00a0\u00bb]\n<h3><span style=\"color: #83c441;\">Programme \u00ab\u00a0les moulins de Hollande\u00a0\u00bb<\/span><\/h3>\n[\/spb_text_block] [spb_single_image image=\u00a0\u00bb12767&Prime; image_size=\u00a0\u00bbfull\u00a0\u00bb frame=\u00a0\u00bbnoframe\u00a0\u00bb intro_animation=\u00a0\u00bbnone\u00a0\u00bb full_width=\u00a0\u00bbno\u00a0\u00bb lightbox=\u00a0\u00bbyes\u00a0\u00bb link_target=\u00a0\u00bb_self\u00a0\u00bb width=\u00a0\u00bb1\/1&Prime; el_position=\u00a0\u00bbfirst last\u00a0\u00bb] [spb_text_block pb_margin_bottom=\u00a0\u00bbno\u00a0\u00bb pb_border_bottom=\u00a0\u00bbno\u00a0\u00bb width=\u00a0\u00bb1\/1&Prime; el_position=\u00a0\u00bbfirst last\u00a0\u00bb]\n<div class=\"page\" title=\"Page 5\">\n<div class=\"section\">\n<div class=\"layoutArea\">\n<div class=\"column\">\n<p>Les moulins \u00e0 vent repr\u00e9sentent un symbole du patrimoine n\u00e9erlandais, tout comme les tulipes et le fromage.<\/p>\n<p>Tout au long des si\u00e8cles, les Hollandais ont construit des moulins \u00e0 vent pour moudre le ma\u00efs, drainer les terres et \u00e0 toutes sortes de fins industrielles.<\/p>\n<\/div>\n<\/div>\n<\/div>\n<\/div>\n[\/spb_text_block] [\/spb_column] [divider type=\u00a0\u00bbstandard\u00a0\u00bb text=\u00a0\u00bbGo to top\u00a0\u00bb full_width=\u00a0\u00bbno\u00a0\u00bb width=\u00a0\u00bb1\/1&Prime; el_position=\u00a0\u00bbfirst last\u00a0\u00bb] [spb_column width=\u00a0\u00bb1\/3&Prime; el_position=\u00a0\u00bbfirst\u00a0\u00bb] [spb_text_block pb_margin_bottom=\u00a0\u00bbno\u00a0\u00bb pb_border_bottom=\u00a0\u00bbno\u00a0\u00bb width=\u00a0\u00bb1\/1&Prime; el_position=\u00a0\u00bbfirst last\u00a0\u00bb]\n<h3><span style=\"color: #83c441;\">Gand, Bruges, Bruxelles<\/span><\/h3>\n[\/spb_text_block] [spb_single_image image=\u00a0\u00bb12776&Prime; image_size=\u00a0\u00bbfull\u00a0\u00bb frame=\u00a0\u00bbnoframe\u00a0\u00bb intro_animation=\u00a0\u00bbnone\u00a0\u00bb full_width=\u00a0\u00bbno\u00a0\u00bb lightbox=\u00a0\u00bbyes\u00a0\u00bb link_target=\u00a0\u00bb_self\u00a0\u00bb width=\u00a0\u00bb1\/1&Prime; el_position=\u00a0\u00bbfirst last\u00a0\u00bb] [spb_text_block pb_margin_bottom=\u00a0\u00bbno\u00a0\u00bb pb_border_bottom=\u00a0\u00bbno\u00a0\u00bb width=\u00a0\u00bb1\/1&Prime; el_position=\u00a0\u00bbfirst last\u00a0\u00bb]\n<p>Ces trois villes belges ne manqueront pas de vous s\u00e9duire.<\/p>\n<p>Vous commencerez par Gand et sa majestueuse cath\u00e9drale Saint-Bavon, puis profiterez d\u2019une d\u00e9gustation de bi\u00e8res dans une brasserie locale avant de faire une promenade en barque \u00e0 Bruges.<\/p>\n<p>Votre voyage se termine en beaut\u00e9 avec une touche gourmande : la visite d&rsquo;une c\u00e9l\u00e8bre chocolaterie \u00e0 Bruxelles.<\/p>\n[\/spb_text_block] [\/spb_column] [spb_column width=\u00a0\u00bb1\/3&Prime;] [spb_text_block pb_margin_bottom=\u00a0\u00bbno\u00a0\u00bb pb_border_bottom=\u00a0\u00bbno\u00a0\u00bb width=\u00a0\u00bb1\/1&Prime; el_position=\u00a0\u00bbfirst last\u00a0\u00bb]\n<h3><span style=\"color: #83c441;\">L&rsquo;architecture moderne<\/span><\/h3>\n[\/spb_text_block] [spb_single_image image=\u00a0\u00bb12775&Prime; image_size=\u00a0\u00bbfull\u00a0\u00bb frame=\u00a0\u00bbnoframe\u00a0\u00bb intro_animation=\u00a0\u00bbnone\u00a0\u00bb full_width=\u00a0\u00bbno\u00a0\u00bb lightbox=\u00a0\u00bbyes\u00a0\u00bb link_target=\u00a0\u00bb_self\u00a0\u00bb width=\u00a0\u00bb1\/1&Prime; el_position=\u00a0\u00bbfirst last\u00a0\u00bb] [spb_text_block pb_margin_bottom=\u00a0\u00bbno\u00a0\u00bb pb_border_bottom=\u00a0\u00bbno\u00a0\u00bb width=\u00a0\u00bb1\/1&Prime; el_position=\u00a0\u00bbfirst last\u00a0\u00bb]\n<div class=\"page\" title=\"Page 5\">\n<div class=\"section\">\n<div class=\"layoutArea\">\n<div class=\"column\">\n<p>Certains des architectes les plus c\u00e9l\u00e8bres au monde ont leurs racines en Hollande : l&rsquo;\u00e9cole d&rsquo;Amsterdam, Berlage et plus tard Michel de Klerk et son \u0153uvre principale \u00able navire\u00bb.<\/p>\n<p>D\u00e9couvrez les racines du groupe \u00abDe Stijl\u00bb \u00e0 Leiden et Utrecht, Dudok \u00e0 Hilversum et les \u00abfonctionnalistes\u00bb dont plusieurs exemples se trouvent \u00e0 Rotterdam. Avec un guide sp\u00e9cialis\u00e9 en architecture.<\/p>\n<\/div>\n<\/div>\n<\/div>\n<\/div>\n[\/spb_text_block] [\/spb_column] [spb_column width=\u00a0\u00bb1\/3&Prime; el_position=\u00a0\u00bblast\u00a0\u00bb] [spb_text_block pb_margin_bottom=\u00a0\u00bbno\u00a0\u00bb pb_border_bottom=\u00a0\u00bbno\u00a0\u00bb width=\u00a0\u00bb1\/1&Prime; el_position=\u00a0\u00bbfirst last\u00a0\u00bb]\n<h3><span style=\"color: #83c441;\">Amsterdam en libert\u00e9<\/span><\/h3>\n[\/spb_text_block] [spb_single_image image=\u00a0\u00bb12792&Prime; image_size=\u00a0\u00bbfull\u00a0\u00bb frame=\u00a0\u00bbnoframe\u00a0\u00bb intro_animation=\u00a0\u00bbnone\u00a0\u00bb full_width=\u00a0\u00bbno\u00a0\u00bb lightbox=\u00a0\u00bbyes\u00a0\u00bb link_target=\u00a0\u00bb_self\u00a0\u00bb width=\u00a0\u00bb1\/1&Prime; el_position=\u00a0\u00bbfirst last\u00a0\u00bb] [spb_text_block pb_margin_bottom=\u00a0\u00bbno\u00a0\u00bb pb_border_bottom=\u00a0\u00bbno\u00a0\u00bb width=\u00a0\u00bb1\/1&Prime; el_position=\u00a0\u00bbfirst last\u00a0\u00bb]\n<p>Deux nuits \u00e0 Amsterdam, avec transfert depuis la gare ou l\u2019a\u00e9roport, suivi d\u2019une visite guid\u00e9e de la ville.<\/p>\n<p>Le s\u00e9jour inclut \u00e9galement le Holland Pass, offrant des entr\u00e9es gratuites ou \u00e0 tarif r\u00e9duit pour les mus\u00e9es, dont le Rijksmuseum, ainsi que d\u2019autres attractions \u00e0 Amsterdam et dans plusieurs villes.<\/p>\n<p>Transfert retour inclus.<\/p>\n[\/spb_text_block] [\/spb_column] [divider type=\u00a0\u00bbstandard\u00a0\u00bb text=\u00a0\u00bbGo to top\u00a0\u00bb full_width=\u00a0\u00bbno\u00a0\u00bb width=\u00a0\u00bb1\/1&Prime; el_position=\u00a0\u00bbfirst last\u00a0\u00bb] [spb_column width=\u00a0\u00bb1\/3&Prime; el_position=\u00a0\u00bbfirst\u00a0\u00bb] [spb_text_block pb_margin_bottom=\u00a0\u00bbno\u00a0\u00bb pb_border_bottom=\u00a0\u00bbno\u00a0\u00bb width=\u00a0\u00bb1\/1&Prime; el_position=\u00a0\u00bbfirst last\u00a0\u00bb]\n<h3><span style=\"color: #83c441;\">Amsterdam, tulipes, moulins et villages<\/span><\/h3>\n[\/spb_text_block] [spb_single_image image=\u00a0\u00bb12777&Prime; image_size=\u00a0\u00bbfull\u00a0\u00bb frame=\u00a0\u00bbnoframe\u00a0\u00bb intro_animation=\u00a0\u00bbnone\u00a0\u00bb full_width=\u00a0\u00bbno\u00a0\u00bb lightbox=\u00a0\u00bbyes\u00a0\u00bb link_target=\u00a0\u00bb_self\u00a0\u00bb width=\u00a0\u00bb1\/1&Prime; el_position=\u00a0\u00bbfirst last\u00a0\u00bb] [spb_text_block pb_margin_bottom=\u00a0\u00bbno\u00a0\u00bb pb_border_bottom=\u00a0\u00bbno\u00a0\u00bb width=\u00a0\u00bb1\/1&Prime; el_position=\u00a0\u00bbfirst last\u00a0\u00bb]\n<p>Le programme typique d\u2019un s\u00e9jour en Hollande.<\/p>\n<p>Le premier jour, vous visiterez Delft et la c\u00e9l\u00e8bre fa\u00efencerie royale, incluant l\u2019exp\u00e9rience interactive Delft Experience.<\/p>\n<p>Le deuxi\u00e8me jour sera d\u00e9di\u00e9 \u00e0 la d\u00e9couverte des moulins de la r\u00e9serve Zaanse Schans et des pittoresques villages de p\u00eacheurs de Volendam et Marken. Bien s\u00fbr, une croisi\u00e8re sur les canaux ainsi que la visite d&rsquo;Amsterdam sont \u00e9galement au programme.<\/p>\n<p>Le troisi\u00e8me jour, au printemps, vous explorerez le magnifique parc floral Keukenhof, et \u00e0 partir de mi-mai, vous d\u00e9couvrirez Madurodam, la Hollande en miniature.<\/p>\n[\/spb_text_block] [\/spb_column] [spb_column width=\u00a0\u00bb1\/3&Prime;] [spb_text_block pb_margin_bottom=\u00a0\u00bbno\u00a0\u00bb pb_border_bottom=\u00a0\u00bbno\u00a0\u00bb width=\u00a0\u00bb1\/1&Prime; el_position=\u00a0\u00bbfirst last\u00a0\u00bb]\n<h3><span style=\"color: #83c441;\">Ambiance de No\u00ebl<\/span><\/h3>\n[\/spb_text_block] [spb_single_image image=\u00a0\u00bb12766&Prime; image_size=\u00a0\u00bbfull\u00a0\u00bb frame=\u00a0\u00bbnoframe\u00a0\u00bb intro_animation=\u00a0\u00bbnone\u00a0\u00bb full_width=\u00a0\u00bbno\u00a0\u00bb lightbox=\u00a0\u00bbyes\u00a0\u00bb link_target=\u00a0\u00bb_self\u00a0\u00bb width=\u00a0\u00bb1\/1&Prime; el_position=\u00a0\u00bbfirst last\u00a0\u00bb] [spb_text_block pb_margin_bottom=\u00a0\u00bbno\u00a0\u00bb pb_border_bottom=\u00a0\u00bbno\u00a0\u00bb width=\u00a0\u00bb1\/1&Prime; el_position=\u00a0\u00bbfirst last\u00a0\u00bb]\n<p>Profitez d&rsquo;un s\u00e9jour hivernal pour d\u00e9couvrir les march\u00e9s de No\u00ebl de Montjoie et de Bruxelles.<\/p>\n<p>Accompagn\u00e9s de nos guides, vous explorerez les villes de Bruxelles et Bruges \u00e0 travers leurs monuments embl\u00e9matiques.<\/p>\n<p>Pour cl\u00f4turer votre s\u00e9jour, l&rsquo;exposition de sculptures de glace \u00e0 Bruges vous offrira une exp\u00e9rience unique et surprenante.<\/p>\n[\/spb_text_block] [\/spb_column] [spb_column width=\u00a0\u00bb1\/3&Prime; el_position=\u00a0\u00bblast\u00a0\u00bb] [spb_text_block pb_margin_bottom=\u00a0\u00bbno\u00a0\u00bb pb_border_bottom=\u00a0\u00bbno\u00a0\u00bb width=\u00a0\u00bb1\/1&Prime; el_position=\u00a0\u00bbfirst last\u00a0\u00bb]\n<h3><span style=\"color: #83c441;\">Les Hollandaises inconnues<\/span><\/h3>\n[\/spb_text_block] [spb_single_image image=\u00a0\u00bb12786&Prime; image_size=\u00a0\u00bbfull\u00a0\u00bb frame=\u00a0\u00bbnoframe\u00a0\u00bb intro_animation=\u00a0\u00bbnone\u00a0\u00bb full_width=\u00a0\u00bbno\u00a0\u00bb lightbox=\u00a0\u00bbyes\u00a0\u00bb link_target=\u00a0\u00bb_self\u00a0\u00bb width=\u00a0\u00bb1\/1&Prime; el_position=\u00a0\u00bbfirst last\u00a0\u00bb] [spb_text_block pb_margin_bottom=\u00a0\u00bbno\u00a0\u00bb pb_border_bottom=\u00a0\u00bbno\u00a0\u00bb width=\u00a0\u00bb1\/1&Prime; el_position=\u00a0\u00bbfirst last\u00a0\u00bb]\n<p class=\"\" data-start=\"0\" data-end=\"67\">Une d\u00e9couverte des villes m\u00e9connues et une exp\u00e9rience authentique !<\/p>\n<p class=\"\" data-start=\"69\" data-end=\"187\">Nous commencerons par Schiedam, la ville des moulins et capitale du geni\u00e8vre, suivie d\u2019une visite guid\u00e9e de Rotterdam.<\/p>\n<p class=\"\" data-start=\"189\" data-end=\"288\">Ensuite, nous explorerons Leyde, une ville historique pleine de charme, avant de d\u00e9couvrir La Haye.<\/p>\n<p class=\"\" data-start=\"290\" data-end=\"426\">Le troisi\u00e8me jour, nous visiterons le vieux centre de Delft, la plus ancienne ville de Hollande, puis Dordrecht et son port pittoresque.<\/p>\n<p class=\"\" data-start=\"428\" data-end=\"693\">\u00c0 Gouda, nous d\u00e9couvrirons le c\u00e9l\u00e8bre march\u00e9 au fromage et l\u2019\u00e9glise Saint-Jean-Baptiste, renomm\u00e9e pour ses magnifiques vitraux.<\/p>\n<p class=\"\" data-start=\"428\" data-end=\"693\">Enfin, nous visiterons deux petites villes fascinantes : Oudewater, avec sa balance aux sorci\u00e8res, et Schoonhoven, la ville des orf\u00e8vres.<\/p>\n[\/spb_text_block] [\/spb_column] [divider type=\u00a0\u00bbstandard\u00a0\u00bb text=\u00a0\u00bbGo to top\u00a0\u00bb full_width=\u00a0\u00bbno\u00a0\u00bb width=\u00a0\u00bb1\/1&Prime; el_position=\u00a0\u00bbfirst last\u00a0\u00bb] [divider type=\u00a0\u00bbstandard\u00a0\u00bb text=\u00a0\u00bbGo to top\u00a0\u00bb full_width=\u00a0\u00bbno\u00a0\u00bb width=\u00a0\u00bb1\/1&Prime; el_position=\u00a0\u00bbfirst last\u00a0\u00bb]\n","protected":false},"excerpt":{"rendered":"<p>[spb_text_block pb_margin_bottom=\u00a0\u00bbno\u00a0\u00bb pb_border_bottom=\u00a0\u00bbno\u00a0\u00bb el_class=\u00a0\u00bbgreenheader\u00a0\u00bb width=\u00a0\u00bb1\/1&Prime; el_position=\u00a0\u00bbfirst last\u00a0\u00bb] Groupes et th\u00e9matiques [\/spb_text_block] [spb_text_block pb_margin_bottom=\u00a0\u00bbno\u00a0\u00bb pb_border_bottom=\u00a0\u00bbno\u00a0\u00bb width=\u00a0\u00bb1\/1&Prime; el_position=\u00a0\u00bbfirst last\u00a0\u00bb] Nous sommes fiers de proposer des voyages de groupe uniques, construits autour de programmes personnalis\u00e9s selon vos envies. Chaque fois que l\u2019occasion se pr\u00e9sente, nous y ajoutons des d\u00e9couvertes originales et inattendues pour enrichir l\u2019exp\u00e9rience de vos clients. Gr\u00e2ce \u00e0 notre interm\u00e9diaire, vous [&hellip;]<\/p>\n","protected":false},"author":3,"featured_media":0,"parent":0,"menu_order":0,"comment_status":"open","ping_status":"closed","template":"","meta":{"_monsterinsights_skip_tracking":false,"_monsterinsights_sitenote_active":false,"_monsterinsights_sitenote_note":"","_monsterinsights_sitenote_category":0,"footnotes":""},"class_list":["post-12885","page","type-page","status-publish","hentry"],"yoast_head":"<!-- This site is optimized with the Yoast SEO plugin v26.5 - https:\/\/yoast.com\/wordpress\/plugins\/seo\/ -->\n<title>Groupes et th\u00e9matiques - Holland Palette<\/title>\n<meta name=\"robots\" content=\"index, follow, max-snippet:-1, max-image-preview:large, max-video-preview:-1\" \/>\n<link rel=\"canonical\" href=\"https:\/\/www.hollandpalette.nl\/fr\/groups-special-interest\/\" \/>\n<meta property=\"og:locale\" content=\"fr_FR\" \/>\n<meta property=\"og:type\" content=\"article\" \/>\n<meta property=\"og:title\" content=\"Groupes et th\u00e9matiques - Holland Palette\" \/>\n<meta property=\"og:description\" content=\"[spb_text_block pb_margin_bottom=\u00a0\u00bbno\u00a0\u00bb pb_border_bottom=\u00a0\u00bbno\u00a0\u00bb el_class=\u00a0\u00bbgreenheader\u00a0\u00bb width=\u00a0\u00bb1\/1&Prime; el_position=\u00a0\u00bbfirst last\u00a0\u00bb] Groupes et th\u00e9matiques [\/spb_text_block] [spb_text_block pb_margin_bottom=\u00a0\u00bbno\u00a0\u00bb pb_border_bottom=\u00a0\u00bbno\u00a0\u00bb width=\u00a0\u00bb1\/1&Prime; el_position=\u00a0\u00bbfirst last\u00a0\u00bb] Nous sommes fiers de proposer des voyages de groupe uniques, construits autour de programmes personnalis\u00e9s selon vos envies. Chaque fois que l\u2019occasion se pr\u00e9sente, nous y ajoutons des d\u00e9couvertes originales et inattendues pour enrichir l\u2019exp\u00e9rience de vos clients. Gr\u00e2ce \u00e0 notre interm\u00e9diaire, vous [&hellip;]\" \/>\n<meta property=\"og:url\" content=\"https:\/\/www.hollandpalette.nl\/fr\/groups-special-interest\/\" \/>\n<meta property=\"og:site_name\" content=\"Holland Palette\" \/>\n<meta property=\"article:modified_time\" content=\"2025-04-10T12:42:34+00:00\" \/>\n<meta name=\"twitter:card\" content=\"summary_large_image\" \/>\n<meta name=\"twitter:label1\" content=\"Dur\u00e9e de lecture estim\u00e9e\" \/>\n\t<meta name=\"twitter:data1\" content=\"9 minutes\" \/>\n<script type=\"application\/ld+json\" class=\"yoast-schema-graph\">{\"@context\":\"https:\/\/schema.org\",\"@graph\":[{\"@type\":\"WebPage\",\"@id\":\"https:\/\/www.hollandpalette.nl\/fr\/groups-special-interest\/\",\"url\":\"https:\/\/www.hollandpalette.nl\/fr\/groups-special-interest\/\",\"name\":\"Groupes et th\u00e9matiques - Holland Palette\",\"isPartOf\":{\"@id\":\"https:\/\/www.hollandpalette.nl\/#website\"},\"datePublished\":\"2015-01-06T16:10:03+00:00\",\"dateModified\":\"2025-04-10T12:42:34+00:00\",\"breadcrumb\":{\"@id\":\"https:\/\/www.hollandpalette.nl\/fr\/groups-special-interest\/#breadcrumb\"},\"inLanguage\":\"fr-FR\",\"potentialAction\":[{\"@type\":\"ReadAction\",\"target\":[\"https:\/\/www.hollandpalette.nl\/fr\/groups-special-interest\/\"]}]},{\"@type\":\"BreadcrumbList\",\"@id\":\"https:\/\/www.hollandpalette.nl\/fr\/groups-special-interest\/#breadcrumb\",\"itemListElement\":[{\"@type\":\"ListItem\",\"position\":1,\"name\":\"Home\",\"item\":\"https:\/\/www.hollandpalette.nl\/fr\/\"},{\"@type\":\"ListItem\",\"position\":2,\"name\":\"Groupes et th\u00e9matiques\"}]},{\"@type\":\"WebSite\",\"@id\":\"https:\/\/www.hollandpalette.nl\/#website\",\"url\":\"https:\/\/www.hollandpalette.nl\/\",\"name\":\"Holland Palette\",\"description\":\"\",\"publisher\":{\"@id\":\"https:\/\/www.hollandpalette.nl\/#organization\"},\"potentialAction\":[{\"@type\":\"SearchAction\",\"target\":{\"@type\":\"EntryPoint\",\"urlTemplate\":\"https:\/\/www.hollandpalette.nl\/?s={search_term_string}\"},\"query-input\":{\"@type\":\"PropertyValueSpecification\",\"valueRequired\":true,\"valueName\":\"search_term_string\"}}],\"inLanguage\":\"fr-FR\"},{\"@type\":\"Organization\",\"@id\":\"https:\/\/www.hollandpalette.nl\/#organization\",\"name\":\"Holland Palette\",\"url\":\"https:\/\/www.hollandpalette.nl\/\",\"logo\":{\"@type\":\"ImageObject\",\"inLanguage\":\"fr-FR\",\"@id\":\"https:\/\/www.hollandpalette.nl\/#\/schema\/logo\/image\/\",\"url\":\"https:\/\/www.hollandpalette.nl\/wp-content\/uploads\/2014\/12\/Holland-Palette-logo-large-cut.jpg\",\"contentUrl\":\"https:\/\/www.hollandpalette.nl\/wp-content\/uploads\/2014\/12\/Holland-Palette-logo-large-cut.jpg\",\"width\":601,\"height\":616,\"caption\":\"Holland Palette\"},\"image\":{\"@id\":\"https:\/\/www.hollandpalette.nl\/#\/schema\/logo\/image\/\"}}]}<\/script>\n<!-- \/ Yoast SEO plugin. -->","yoast_head_json":{"title":"Groupes et th\u00e9matiques - Holland Palette","robots":{"index":"index","follow":"follow","max-snippet":"max-snippet:-1","max-image-preview":"max-image-preview:large","max-video-preview":"max-video-preview:-1"},"canonical":"https:\/\/www.hollandpalette.nl\/fr\/groups-special-interest\/","og_locale":"fr_FR","og_type":"article","og_title":"Groupes et th\u00e9matiques - Holland Palette","og_description":"[spb_text_block pb_margin_bottom=\u00a0\u00bbno\u00a0\u00bb pb_border_bottom=\u00a0\u00bbno\u00a0\u00bb el_class=\u00a0\u00bbgreenheader\u00a0\u00bb width=\u00a0\u00bb1\/1&Prime; el_position=\u00a0\u00bbfirst last\u00a0\u00bb] Groupes et th\u00e9matiques [\/spb_text_block] [spb_text_block pb_margin_bottom=\u00a0\u00bbno\u00a0\u00bb pb_border_bottom=\u00a0\u00bbno\u00a0\u00bb width=\u00a0\u00bb1\/1&Prime; el_position=\u00a0\u00bbfirst last\u00a0\u00bb] Nous sommes fiers de proposer des voyages de groupe uniques, construits autour de programmes personnalis\u00e9s selon vos envies. Chaque fois que l\u2019occasion se pr\u00e9sente, nous y ajoutons des d\u00e9couvertes originales et inattendues pour enrichir l\u2019exp\u00e9rience de vos clients. Gr\u00e2ce \u00e0 notre interm\u00e9diaire, vous [&hellip;]","og_url":"https:\/\/www.hollandpalette.nl\/fr\/groups-special-interest\/","og_site_name":"Holland Palette","article_modified_time":"2025-04-10T12:42:34+00:00","twitter_card":"summary_large_image","twitter_misc":{"Dur\u00e9e de lecture estim\u00e9e":"9 minutes"},"schema":{"@context":"https:\/\/schema.org","@graph":[{"@type":"WebPage","@id":"https:\/\/www.hollandpalette.nl\/fr\/groups-special-interest\/","url":"https:\/\/www.hollandpalette.nl\/fr\/groups-special-interest\/","name":"Groupes et th\u00e9matiques - Holland Palette","isPartOf":{"@id":"https:\/\/www.hollandpalette.nl\/#website"},"datePublished":"2015-01-06T16:10:03+00:00","dateModified":"2025-04-10T12:42:34+00:00","breadcrumb":{"@id":"https:\/\/www.hollandpalette.nl\/fr\/groups-special-interest\/#breadcrumb"},"inLanguage":"fr-FR","potentialAction":[{"@type":"ReadAction","target":["https:\/\/www.hollandpalette.nl\/fr\/groups-special-interest\/"]}]},{"@type":"BreadcrumbList","@id":"https:\/\/www.hollandpalette.nl\/fr\/groups-special-interest\/#breadcrumb","itemListElement":[{"@type":"ListItem","position":1,"name":"Home","item":"https:\/\/www.hollandpalette.nl\/fr\/"},{"@type":"ListItem","position":2,"name":"Groupes et th\u00e9matiques"}]},{"@type":"WebSite","@id":"https:\/\/www.hollandpalette.nl\/#website","url":"https:\/\/www.hollandpalette.nl\/","name":"Holland Palette","description":"","publisher":{"@id":"https:\/\/www.hollandpalette.nl\/#organization"},"potentialAction":[{"@type":"SearchAction","target":{"@type":"EntryPoint","urlTemplate":"https:\/\/www.hollandpalette.nl\/?s={search_term_string}"},"query-input":{"@type":"PropertyValueSpecification","valueRequired":true,"valueName":"search_term_string"}}],"inLanguage":"fr-FR"},{"@type":"Organization","@id":"https:\/\/www.hollandpalette.nl\/#organization","name":"Holland Palette","url":"https:\/\/www.hollandpalette.nl\/","logo":{"@type":"ImageObject","inLanguage":"fr-FR","@id":"https:\/\/www.hollandpalette.nl\/#\/schema\/logo\/image\/","url":"https:\/\/www.hollandpalette.nl\/wp-content\/uploads\/2014\/12\/Holland-Palette-logo-large-cut.jpg","contentUrl":"https:\/\/www.hollandpalette.nl\/wp-content\/uploads\/2014\/12\/Holland-Palette-logo-large-cut.jpg","width":601,"height":616,"caption":"Holland Palette"},"image":{"@id":"https:\/\/www.hollandpalette.nl\/#\/schema\/logo\/image\/"}}]}},"_links":{"self":[{"href":"https:\/\/www.hollandpalette.nl\/fr\/wp-json\/wp\/v2\/pages\/12885\/"}],"collection":[{"href":"https:\/\/www.hollandpalette.nl\/fr\/wp-json\/wp\/v2\/pages\/"}],"about":[{"href":"https:\/\/www.hollandpalette.nl\/fr\/wp-json\/wp\/v2\/types\/page\/"}],"author":[{"embeddable":true,"href":"https:\/\/www.hollandpalette.nl\/fr\/wp-json\/wp\/v2\/users\/3\/"}],"replies":[{"embeddable":true,"href":"https:\/\/www.hollandpalette.nl\/fr\/wp-json\/wp\/v2\/comments\/?post=12885"}],"version-history":[{"count":10,"href":"https:\/\/www.hollandpalette.nl\/fr\/wp-json\/wp\/v2\/pages\/12885\/revisions\/"}],"predecessor-version":[{"id":12889,"href":"https:\/\/www.hollandpalette.nl\/fr\/wp-json\/wp\/v2\/pages\/12885\/revisions\/12889\/"}],"wp:attachment":[{"href":"https:\/\/www.hollandpalette.nl\/fr\/wp-json\/wp\/v2\/media\/?parent=12885"}],"curies":[{"name":"wp","href":"https:\/\/api.w.org\/{rel}","templated":true}]}}